{"id":4393,"date":"2018-07-30T20:10:14","date_gmt":"2018-07-30T18:10:14","guid":{"rendered":"https:\/\/jugendfarm-bremen.de\/?page_id=4393"},"modified":"2022-07-05T16:25:24","modified_gmt":"2022-07-05T14:25:24","slug":"spenden-und-sponsoren","status":"publish","type":"page","link":"https:\/\/jugendfarm-bremen.de\/del\/spenden-und-sponsoren\/","title":{"rendered":"Spenden und Sponsoren"},"content":{"rendered":"<p>[et_pb_section fb_built=&#8221;1&#8243; _builder_version=&#8221;4.16&#8243; background_image=&#8221;http:\/\/jugendfarm-bremen.de\/wp-content\/uploads\/2018\/12\/Gartengruppe-Osterferien-2018-15.jpg&#8221; custom_padding=&#8221;80px|0px|80px|0px|true|false&#8221; global_colors_info=&#8221;{}&#8221;][et_pb_row _builder_version=&#8221;4.16&#8243; custom_padding=&#8221;30px|0px|28px|0px|false|false&#8221; global_colors_info=&#8221;{}&#8221;][et_pb_column type=&#8221;4_4&#8243; _builder_version=&#8221;4.16&#8243; custom_padding=&#8221;|||&#8221; global_colors_info=&#8221;{}&#8221; custom_padding__hover=&#8221;|||&#8221;][et_pb_text _builder_version=&#8221;4.17.4&#8243; header_font=&#8221;|800||on|||||&#8221; header_text_color=&#8221;#ffffff&#8221; header_font_size=&#8221;65px&#8221; hover_enabled=&#8221;0&#8243; header_text_shadow_style=&#8221;preset3&#8243; global_colors_info=&#8221;{}&#8221; sticky_enabled=&#8221;0&#8243;][\/et_pb_text][\/et_pb_column][\/et_pb_row][\/et_pb_section][et_pb_section fb_built=&#8221;1&#8243; _builder_version=&#8221;4.16&#8243; max_width_tablet=&#8221;&#8221; max_width_phone=&#8221;&#8221; max_width_last_edited=&#8221;on|desktop&#8221; module_alignment=&#8221;center&#8221; custom_margin=&#8221;50px||50px|&#8221; custom_padding=&#8221;0|0px|50px|0px|false|false&#8221; border_color_all=&#8221;#d8d8d8&#8243; global_colors_info=&#8221;{}&#8221;][et_pb_row column_structure=&#8221;1_3,2_3&#8243; _builder_version=&#8221;4.16&#8243; custom_padding=&#8221;0|0px|0|0px|false|false&#8221; global_colors_info=&#8221;{}&#8221;][et_pb_column type=&#8221;1_3&#8243; _builder_version=&#8221;4.16&#8243; custom_padding=&#8221;|||&#8221; global_colors_info=&#8221;{}&#8221; custom_padding__hover=&#8221;|||&#8221;][et_pb_image src=&#8221;https:\/\/jugendfarm-bremen.de\/wp-content\/uploads\/2022\/06\/Geld-bekommen2-730.png&#8221; title_text=&#8221;Geld bekommen2-730&#8243; align=&#8221;center&#8221; align_tablet=&#8221;center&#8221; align_phone=&#8221;&#8221; align_last_edited=&#8221;on|desktop&#8221; _builder_version=&#8221;4.17.4&#8243; global_colors_info=&#8221;{}&#8221;][\/et_pb_image][\/et_pb_column][et_pb_column type=&#8221;2_3&#8243; _builder_version=&#8221;4.16&#8243; custom_padding=&#8221;|||&#8221; global_colors_info=&#8221;{}&#8221; custom_padding__hover=&#8221;|||&#8221;][et_pb_text admin_label=&#8221;TEXTBLOCK 2&#8243; _builder_version=&#8221;4.17.4&#8243; text_font_size=&#8221;16px&#8221; header_text_color=&#8221;#000000&#8243; global_colors_info=&#8221;{}&#8221;]<\/p>\n<p><strong>Spenden an uns:<\/strong><br \/>Sie k\u00f6nnen Geld an die Farm spenden.<br \/>Bitte \u00fcberweisen Sie das Geld auf das Konto:<\/p>\n<p>Sparkasse Bremen<br \/>DE33 2905 0101 0082 1040 27<\/p>\n<p>&nbsp;<\/p>\n<p>Viele Leute unterst\u00fctzen uns mit Spenden.<br \/>Diese Leute hei\u00dfen: F\u00f6rderer und Sponsoren.<br \/>Wir bedanken uns ganz herzlich <br \/>bei allen F\u00f6rderern und Sponsoren.<br \/>Hier finden Sie eine Liste mit allen F\u00f6rderern.<\/p>\n<p>[\/et_pb_text][\/et_pb_column][\/et_pb_row][et_pb_row _builder_version=&#8221;4.17.4&#8243; _module_preset=&#8221;default&#8221; global_colors_info=&#8221;{}&#8221;][et_pb_column type=&#8221;4_4&#8243; _builder_version=&#8221;4.17.4&#8243; _module_preset=&#8221;default&#8221; global_colors_info=&#8221;{}&#8221;][et_pb_divider _builder_version=&#8221;4.17.4&#8243; _module_preset=&#8221;default&#8221; global_colors_info=&#8221;{}&#8221;][\/et_pb_divider][\/et_pb_column][\/et_pb_row][\/et_pb_section][et_pb_section fb_built=&#8221;1&#8243; admin_label=&#8221;Sponsors Section&#8221; _builder_version=&#8221;4.16&#8243; custom_padding=&#8221;100px||100px|&#8221; global_colors_info=&#8221;{}&#8221;][et_pb_row admin_label=&#8221;Blog Title Area&#8221; _builder_version=&#8221;4.16&#8243; locked=&#8221;off&#8221; global_colors_info=&#8221;{}&#8221;][et_pb_column type=&#8221;4_4&#8243; _builder_version=&#8221;4.16&#8243; custom_padding=&#8221;|||&#8221; global_colors_info=&#8221;{}&#8221; custom_padding__hover=&#8221;|||&#8221;][et_pb_text admin_label=&#8221;Title&#8221; _builder_version=&#8221;4.16.1&#8243; text_font=&#8221;||||||||&#8221; header_font=&#8221;||||||||&#8221; header_2_font=&#8221;Lato||||||||&#8221; header_2_font_size=&#8221;36px&#8221; header_2_line_height=&#8221;1.5em&#8221; text_orientation=&#8221;center&#8221; max_width=&#8221;700px&#8221; module_alignment=&#8221;center&#8221; custom_padding=&#8221;|||&#8221; animation_direction=&#8221;left&#8221; global_colors_info=&#8221;{}&#8221;]<\/p>\n<h2>Unsere Sponsoren<\/h2>\n<p>&nbsp;<\/p>\n<p><img loading=\"lazy\" decoding=\"async\" class=\"wp-image-3261 alignleft\" src=\"https:\/\/jugendfarm-bremen.de\/wp-content\/uploads\/2021\/09\/Logo-Senat-fuer-umwelt.jpg\" alt=\"\" width=\"335\" height=\"48\" \/><br \/>\n[\/et_pb_text][\/et_pb_column][\/et_pb_row][et_pb_row column_structure=&#8221;1_3,1_3,1_3&#8243; admin_label=&#8221;Sponsors&#8221; _builder_version=&#8221;4.16.1&#8243; global_colors_info=&#8221;{}&#8221;][et_pb_column type=&#8221;1_3&#8243; _builder_version=&#8221;4.16&#8243; custom_padding=&#8221;|||&#8221; global_colors_info=&#8221;{}&#8221; custom_padding__hover=&#8221;|||&#8221;][et_pb_image src=&#8221;http:\/\/jugendfarm-bremen.de\/wp-content\/uploads\/2018\/07\/ahfk.png&#8221; align=&#8221;center&#8221; align_tablet=&#8221;center&#8221; align_phone=&#8221;&#8221; align_last_edited=&#8221;on|desktop&#8221; admin_label=&#8221;Sponsor Logo&#8221; _builder_version=&#8221;4.16&#8243; global_colors_info=&#8221;{}&#8221;][\/et_pb_image][\/et_pb_column][et_pb_column type=&#8221;1_3&#8243; _builder_version=&#8221;4.16&#8243; custom_padding=&#8221;|||&#8221; global_colors_info=&#8221;{}&#8221; custom_padding__hover=&#8221;|||&#8221;][et_pb_image src=&#8221;https:\/\/jugendfarm-bremen.de\/wp-content\/uploads\/2022\/03\/bdja_logo_Web_jub50_hoch_cmyk.png&#8221; align=&#8221;center&#8221; align_tablet=&#8221;center&#8221; align_phone=&#8221;&#8221; align_last_edited=&#8221;on|desktop&#8221; admin_label=&#8221;Sponsor Logo&#8221; _builder_version=&#8221;4.16&#8243; locked=&#8221;off&#8221; global_colors_info=&#8221;{}&#8221;][\/et_pb_image][et_pb_image src=&#8221;http:\/\/jugendfarm-bremen.de\/wp-content\/uploads\/2018\/07\/WHA-Logo.jpg&#8221; align=&#8221;center&#8221; align_tablet=&#8221;center&#8221; align_phone=&#8221;&#8221; align_last_edited=&#8221;on|desktop&#8221; admin_label=&#8221;Sponsor Logo&#8221; _builder_version=&#8221;4.16&#8243; global_colors_info=&#8221;{}&#8221;][\/et_pb_image][\/et_pb_column][et_pb_column type=&#8221;1_3&#8243; _builder_version=&#8221;4.16&#8243; custom_padding=&#8221;|||&#8221; global_colors_info=&#8221;{}&#8221; custom_padding__hover=&#8221;|||&#8221;][et_pb_image src=&#8221;http:\/\/jugendfarm-bremen.de\/wp-content\/uploads\/2018\/07\/spk.jpg&#8221; align=&#8221;center&#8221; align_tablet=&#8221;center&#8221; align_phone=&#8221;&#8221; align_last_edited=&#8221;on|desktop&#8221; admin_label=&#8221;Sponsor Logo&#8221; _builder_version=&#8221;4.16&#8243; locked=&#8221;off&#8221; global_colors_info=&#8221;{}&#8221;][\/et_pb_image][et_pb_image src=&#8221;http:\/\/jugendfarm-bremen.de\/wp-content\/uploads\/2018\/07\/wbp.jpg&#8221; align_tablet=&#8221;center&#8221; align_phone=&#8221;&#8221; align_last_edited=&#8221;on|desktop&#8221; admin_label=&#8221;Sponsor Logo&#8221; _builder_version=&#8221;4.16&#8243; locked=&#8221;off&#8221; global_colors_info=&#8221;{}&#8221;][\/et_pb_image][\/et_pb_column][\/et_pb_row][\/et_pb_section]<\/p>\n","protected":false},"excerpt":{"rendered":"<p>Spenden an uns:Sie k\u00f6nnen Geld an die Farm spenden.Bitte \u00fcberweisen Sie das Geld auf das Konto: Sparkasse BremenDE33 2905 0101 0082 1040 27 &nbsp; Viele Leute unterst\u00fctzen uns mit Spenden.Diese [&hellip;]<\/p>\n","protected":false},"author":4,"featured_media":0,"parent":0,"menu_order":0,"comment_status":"closed","ping_status":"closed","template":"","meta":{"_et_pb_use_builder":"on","_et_pb_old_content":"<p>[et_pb_section bb_built=\"1\" _builder_version=\"3.19.3\" background_image=\"http:\/\/jugendfarm-bremen.de\/wp-content\/uploads\/2018\/12\/Gartengruppe-Osterferien-2018-15.jpg\" custom_padding=\"80px|0px|80px|0px|true|false\" next_background_color=\"#ffffff\" inner_width=\"auto\" inner_max_width=\"1080px\"][et_pb_row custom_padding=\"30px|0px|28px|0px|false|false\" _builder_version=\"4.4.5\" width=\"80%\" max_width=\"1080px\"][et_pb_column type=\"4_4\" custom_padding__hover=\"|||\" custom_padding=\"|||\"][et_pb_text _builder_version=\"4.17.3\" header_font=\"|800||on|||||\" header_text_color=\"#ffffff\" header_font_size=\"65px\" header_text_shadow_style=\"preset3\" text_orientation=\"left\"]<\/p><h1><strong>Spenden und Sponsoren<\/strong><\/h1><p>[\/et_pb_text][\/et_pb_column][\/et_pb_row][\/et_pb_section][et_pb_section bb_built=\"1\" admin_label=\"Information Section\" _builder_version=\"3.0.85\" custom_padding=\"100px||0||false|false\" prev_background_color=\"#000000\" next_background_color=\"#000000\" inner_width=\"auto\" inner_max_width=\"1080px\"][et_pb_row admin_label=\"Information Area\" use_custom_width=\"on\" custom_width_px=\"650px\" custom_margin=\"|||\" _builder_version=\"3.0.85\" width=\"80%\" max_width=\"650px\"][et_pb_column type=\"4_4\" custom_padding__hover=\"|||\" custom_padding=\"|||\"][et_pb_text admin_label=\"Title\" _builder_version=\"4.17.3\" text_font=\"||||||||\" header_font=\"||||||||\" header_2_font=\"Lato||||||||\" header_2_font_size=\"36px\" header_2_line_height=\"1.5em\" module_alignment=\"center\" custom_margin=\"||15px|\" custom_padding=\"|||\" animation_direction=\"left\" text_orientation=\"left\" collapsed=\"on\"]<\/p><p>\u00a0<\/p><h4 style=\"text-align: center;\"><strong>Sie m\u00f6chten spenden?<\/strong><br \/>Freundeskreis der Kinder- und Jugendfarm Bremen e.V.<\/h4><h4 style=\"text-align: center;\">Bankverbindung: Sparkasse Bremen<br \/>BIC: SBREDE 22<br \/>IBAN: DE 33 2905 0101 0082 104027<\/h4><p>\u00a0<\/p><p>\u00a0<\/p><p>\u00a0<\/p><p>[\/et_pb_text][et_pb_text _builder_version=\"4.17.3\" text_font=\"||||||||\" text_font_size=\"16px\" text_line_height=\"1.8em\" header_font=\"||||||||\" header_2_font=\"Lato||||||||\" header_2_font_size=\"36px\" header_2_line_height=\"1.5em\" module_alignment=\"center\" custom_margin=\"||15px|\" custom_padding=\"|||\" animation_direction=\"left\" text_orientation=\"left\" background_pattern_color=\"rgba(0,0,0,0.2)\" background_mask_color=\"#ffffff\"]<\/p><h2>F\u00f6rderer und F\u00f6rderinnen 2022<\/h2><p>Die Kinder- und Jugendfarm ben\u00f6tigt auch in dieserm Jahr wieder Ihre Unterst\u00fctzung, um die Angebote in dieser Form aufrechthalten zu k\u00f6nnen. Daf\u00fcr sagen wir herzlichen Dank!<\/p><h2>Spenden ab 500 \u20ac<\/h2><p>Dr. G.L.Meyer<\/p><h2>Spenden ab 100 \u20ac<\/h2><p>C . und H. Anders, M. B\u00f6schen, Fam. Legenhausen, F.Mudders, Fam. M\u00fcller, Oestreich und Ochner, Schornsteinfeger Ebert, D. Ritter, M. St\u00f6ver,\u00a0 I. und B. Wacker<\/p><h2>Patenschaften 2022<\/h2><p>H. Snoek, Zahnarztpraxis Dr. Meyer, CDU Obervieland<\/p><h2>\u00a0<\/h2><h2>F\u00f6rderer und F\u00f6rderinnen 2021<\/h2><p><strong>Die Farm dankt ausdr\u00fccklich ALLEN F\u00f6rder*innen und Spender*innen recht herzlich und von Herzen!<\/strong><\/p><p>[pdf-embedder url=\"https:\/\/jugendfarm-bremen.de\/wp-content\/uploads\/2022\/01\/Spenderblatt2021.pdf\"]<\/p><p>[\/et_pb_text][\/et_pb_column][\/et_pb_row][\/et_pb_section][et_pb_section bb_built=\"1\" admin_label=\"Quote Text Section\" custom_padding_last_edited=\"off|desktop\" _builder_version=\"3.11\" use_background_color_gradient=\"on\" background_color_gradient_start=\"#ffffff\" background_color_gradient_end=\"rgba(255,255,255,0)\" background_color_gradient_direction=\"90deg\" background_color_gradient_start_position=\"50%\" background_color_gradient_end_position=\"50%\" background_color_gradient_overlays_image=\"on\" background_image=\"http:\/\/jugendfarm-bremen.de\/wp-content\/uploads\/2018\/07\/produce-12.jpg\" background_position=\"center_right\" custom_padding=\"5%||5%|\" prev_background_color=\"#ffffff\" next_background_color=\"#ffffff\" inner_width=\"auto\" inner_max_width=\"1080px\" background_color_gradient_stops=\"#ffffff 50%|rgba(255,255,255,0) 50%\"][et_pb_row admin_label=\"Quote Text Area\" custom_padding=\"|||\" _builder_version=\"3.19.11\" width=\"80%\" max_width=\"1080px\"][et_pb_column type=\"4_4\" custom_padding__hover=\"|||\" custom_padding=\"|||\"][et_pb_text admin_label=\"Quote\" quote_border_weight=\"10px\" quote_border_color=\"#02d002\" _builder_version=\"4.4.8\" text_font=\"||||||||\" quote_font=\"Lato||on||||||\" quote_text_color=\"#333333\" quote_font_size=\"48px\" quote_font_size_phone=\"36px\" quote_font_size_last_edited=\"on|phone\" quote_line_height=\"1.5em\" header_font=\"||||||||\" header_4_font=\"||on||||||\" background_color=\"#ffffff\" module_alignment=\"center\" custom_padding=\"8%|8%|8%|0px\" animation_style=\"slide\" animation_direction=\"left\" animation_intensity_slide=\"6%\" animation_starting_opacity=\"100%\" text_orientation=\"left\"]<\/p><blockquote><p><strong>Die Farm dankt allen F\u00f6rderInnen und SpenderInnen (auch der kleineren Betr\u00e4ge) recht herzlich!\u00a0<\/strong><\/p><\/blockquote><p>[\/et_pb_text][\/et_pb_column][\/et_pb_row][\/et_pb_section][et_pb_section bb_built=\"1\" admin_label=\"Sponsors Section\" _builder_version=\"3.0.83\" custom_padding=\"100px||100px|\" prev_background_color=\"#000000\" inner_width=\"auto\" inner_max_width=\"1080px\"][et_pb_row admin_label=\"Blog Title Area\" _builder_version=\"3.19.11\" locked=\"off\" width=\"80%\" max_width=\"1080px\"][et_pb_column type=\"4_4\" custom_padding__hover=\"|||\" custom_padding=\"|||\"][et_pb_text admin_label=\"Title\" _builder_version=\"4.16.1\" text_font=\"||||||||\" header_font=\"||||||||\" header_2_font=\"Lato||||||||\" header_2_font_size=\"36px\" header_2_line_height=\"1.5em\" text_orientation=\"center\" max_width=\"700px\" module_alignment=\"center\" custom_padding=\"|||\" animation_direction=\"left\" background_pattern_color=\"rgba(0,0,0,0.2)\" background_mask_color=\"#ffffff\"]<\/p><h2>Unsere Sponsoren<\/h2><p>\u00a0<\/p><p><img class=\"wp-image-3261 alignleft\" src=\"https:\/\/jugendfarm-bremen.de\/wp-content\/uploads\/2021\/09\/Logo-Senat-fuer-umwelt.jpg\" alt=\"\" width=\"335\" height=\"48\" \/><\/p><p>[\/et_pb_text][\/et_pb_column][\/et_pb_row][et_pb_row admin_label=\"Sponsors\" _builder_version=\"4.16.1\" width=\"80%\" max_width=\"1080px\" background_pattern_color=\"rgba(0,0,0,0.2)\" background_mask_color=\"#ffffff\"][et_pb_column type=\"1_3\" custom_padding__hover=\"|||\" custom_padding=\"|||\"][et_pb_image admin_label=\"Sponsor Logo\" src=\"http:\/\/jugendfarm-bremen.de\/wp-content\/uploads\/2018\/07\/ahfk.png\" align=\"center\" _builder_version=\"3.19.11\" align_last_edited=\"on|desktop\" align_tablet=\"center\"]<\/p><p>[\/et_pb_image][\/et_pb_column][et_pb_column type=\"1_3\" custom_padding__hover=\"|||\" custom_padding=\"|||\"][et_pb_image admin_label=\"Sponsor Logo\" src=\"https:\/\/jugendfarm-bremen.de\/wp-content\/uploads\/2022\/03\/bdja_logo_Web_jub50_hoch_cmyk.png\" align=\"center\" _builder_version=\"4.15.0\" locked=\"off\" align_last_edited=\"on|desktop\" align_tablet=\"center\" background_pattern_color=\"rgba(0,0,0,0.2)\" background_mask_color=\"#ffffff\"]<\/p><p>[\/et_pb_image][et_pb_image admin_label=\"Sponsor Logo\" src=\"http:\/\/jugendfarm-bremen.de\/wp-content\/uploads\/2018\/07\/WHA-Logo.jpg\" align=\"center\" _builder_version=\"3.11\" align_last_edited=\"on|desktop\" align_tablet=\"center\"]<\/p><p>[\/et_pb_image][\/et_pb_column][et_pb_column type=\"1_3\" custom_padding__hover=\"|||\" custom_padding=\"|||\"][et_pb_image admin_label=\"Sponsor Logo\" src=\"http:\/\/jugendfarm-bremen.de\/wp-content\/uploads\/2018\/07\/spk.jpg\" align=\"center\" _builder_version=\"3.11\" locked=\"off\" align_last_edited=\"on|desktop\" align_tablet=\"center\"]<\/p><p>[\/et_pb_image][et_pb_image admin_label=\"Sponsor Logo\" src=\"http:\/\/jugendfarm-bremen.de\/wp-content\/uploads\/2018\/07\/wbp.jpg\" _builder_version=\"3.11\" locked=\"off\" align_last_edited=\"on|desktop\" align_tablet=\"center\"]<\/p><p>[\/et_pb_image][\/et_pb_column][\/et_pb_row][\/et_pb_section]<\/p>","_et_gb_content_width":"","footnotes":"","beyondwords_generate_audio":"","beyondwords_integration_method":"","beyondwords_project_id":"15879","beyondwords_content_id":"","beyondwords_preview_token":"","beyondwords_player_content":"","beyondwords_player_style":"","beyondwords_language_code":"","beyondwords_language_id":"","beyondwords_title_voice_id":"","beyondwords_body_voice_id":"","beyondwords_summary_voice_id":"","beyondwords_error_message":"","beyondwords_disabled":"","beyondwords_delete_content":"","beyondwords_podcast_id":"4487012","beyondwords_hash":"","publish_post_to_speechkit":"1","speechkit_hash":"d3929c13850ac1aff355edffb284ba9823bc18da","speechkit_generate_audio":"1","speechkit_project_id":"15879","speechkit_podcast_id":"4487012","speechkit_error_message":"","speechkit_disabled":"","speechkit_access_key":"","speechkit_error":"","speechkit_info":"","speechkit_response":"","speechkit_retries":"","speechkit_status":"Updated","speechkit_updated_at":"","_speechkit_link":"","_speechkit_text":""},"class_list":["post-4393","page","type-page","status-publish","hentry"],"_links":{"self":[{"href":"https:\/\/jugendfarm-bremen.de\/del\/wp-json\/wp\/v2\/pages\/4393","targetHints":{"allow":["GET"]}}],"collection":[{"href":"https:\/\/jugendfarm-bremen.de\/del\/wp-json\/wp\/v2\/pages"}],"about":[{"href":"https:\/\/jugendfarm-bremen.de\/del\/wp-json\/wp\/v2\/types\/page"}],"author":[{"embeddable":true,"href":"https:\/\/jugendfarm-bremen.de\/del\/wp-json\/wp\/v2\/users\/4"}],"replies":[{"embeddable":true,"href":"https:\/\/jugendfarm-bremen.de\/del\/wp-json\/wp\/v2\/comments?post=4393"}],"version-history":[{"count":7,"href":"https:\/\/jugendfarm-bremen.de\/del\/wp-json\/wp\/v2\/pages\/4393\/revisions"}],"predecessor-version":[{"id":4797,"href":"https:\/\/jugendfarm-bremen.de\/del\/wp-json\/wp\/v2\/pages\/4393\/revisions\/4797"}],"wp:attachment":[{"href":"https:\/\/jugendfarm-bremen.de\/del\/wp-json\/wp\/v2\/media?parent=4393"}],"curies":[{"name":"wp","href":"https:\/\/api.w.org\/{rel}","templated":true}]}}