{"id":4419,"date":"2018-07-30T20:09:35","date_gmt":"2018-07-30T18:09:35","guid":{"rendered":"https:\/\/jugendfarm-bremen.de\/?page_id=4419"},"modified":"2022-07-05T16:09:24","modified_gmt":"2022-07-05T14:09:24","slug":"wir-ueber-uns","status":"publish","type":"page","link":"https:\/\/jugendfarm-bremen.de\/del\/wir-ueber-uns\/","title":{"rendered":"Wir \u00fcber uns"},"content":{"rendered":"<p>[et_pb_section fb_built=&#8221;1&#8243; _builder_version=&#8221;4.16&#8243; background_image=&#8221;http:\/\/jugendfarm-bremen.de\/wp-content\/uploads\/2019\/02\/P1040506.jpg&#8221; custom_padding=&#8221;80px|0px|80px|0px|true|false&#8221; global_colors_info=&#8221;{}&#8221;][et_pb_row _builder_version=&#8221;4.16&#8243; custom_padding=&#8221;30px|0px|28px|0px|false|false&#8221; global_colors_info=&#8221;{}&#8221;][et_pb_column type=&#8221;4_4&#8243; _builder_version=&#8221;4.16&#8243; custom_padding=&#8221;|||&#8221; global_colors_info=&#8221;{}&#8221; custom_padding__hover=&#8221;|||&#8221;][et_pb_text _builder_version=&#8221;4.17.4&#8243; header_font=&#8221;|800||on|||||&#8221; header_text_color=&#8221;#ffffff&#8221; header_font_size=&#8221;65px&#8221; hover_enabled=&#8221;0&#8243; header_text_shadow_style=&#8221;preset3&#8243; global_colors_info=&#8221;{}&#8221; sticky_enabled=&#8221;0&#8243;][\/et_pb_text][\/et_pb_column][\/et_pb_row][\/et_pb_section][et_pb_section fb_built=&#8221;1&#8243; _builder_version=&#8221;4.17.4&#8243; max_width_tablet=&#8221;&#8221; max_width_phone=&#8221;&#8221; max_width_last_edited=&#8221;on|desktop&#8221; module_alignment=&#8221;center&#8221; custom_margin=&#8221;50px||50px|&#8221; custom_padding=&#8221;0|0px|50px|0px|false|false&#8221; border_color_all=&#8221;#d8d8d8&#8243; global_colors_info=&#8221;{}&#8221;][et_pb_row column_structure=&#8221;1_3,2_3&#8243; _builder_version=&#8221;4.16&#8243; custom_padding=&#8221;0|0px|0|0px|false|false&#8221; global_colors_info=&#8221;{}&#8221;][et_pb_column type=&#8221;1_3&#8243; _builder_version=&#8221;4.16&#8243; custom_padding=&#8221;|||&#8221; global_colors_info=&#8221;{}&#8221; custom_padding__hover=&#8221;|||&#8221;][et_pb_image src=&#8221;https:\/\/jugendfarm-bremen.de\/wp-content\/uploads\/2022\/06\/20160122_095548-scaled.jpg&#8221; title_text=&#8221;20160122_095548&#8243; align=&#8221;center&#8221; align_tablet=&#8221;center&#8221; align_phone=&#8221;&#8221; align_last_edited=&#8221;on|desktop&#8221; _builder_version=&#8221;4.17.4&#8243; global_colors_info=&#8221;{}&#8221;][\/et_pb_image][\/et_pb_column][et_pb_column type=&#8221;2_3&#8243; _builder_version=&#8221;4.16&#8243; custom_padding=&#8221;|||&#8221; global_colors_info=&#8221;{}&#8221; custom_padding__hover=&#8221;|||&#8221;][et_pb_text admin_label=&#8221;TEXTBLOCK 2&#8243; _builder_version=&#8221;4.17.4&#8243; text_font_size=&#8221;16px&#8221; header_text_color=&#8221;#000000&#8243; global_colors_info=&#8221;{}&#8221;]<\/p>\n<p><strong>Unsere Geschichte<\/strong><br \/>Die Kinder- und Jugendfarm Bremen e.V.<br \/>gibt es seit dem 19. September 1984.<br \/>Die Hochschule f\u00fcr Sozialwesen in Bremen<br \/>hat die Farm gegr\u00fcndet.<br \/>Seitdem sind wir Mitglied im Deutschen Roten<br \/>Kreuz und im Kreisverband Bremen.<br \/>Wir sind auch Mitglied beim Bund der<br \/>Jugendfarmen und Aktivspielpl\u00e4tze e.V.<\/p>\n<p>[\/et_pb_text][\/et_pb_column][\/et_pb_row][et_pb_row _builder_version=&#8221;4.17.4&#8243; _module_preset=&#8221;default&#8221; global_colors_info=&#8221;{}&#8221;][et_pb_column type=&#8221;4_4&#8243; _builder_version=&#8221;4.17.4&#8243; _module_preset=&#8221;default&#8221; global_colors_info=&#8221;{}&#8221;][et_pb_divider _builder_version=&#8221;4.17.4&#8243; _module_preset=&#8221;default&#8221; global_colors_info=&#8221;{}&#8221;][\/et_pb_divider][\/et_pb_column][\/et_pb_row][et_pb_row column_structure=&#8221;1_3,2_3&#8243; _builder_version=&#8221;4.16&#8243; custom_padding=&#8221;0|0px|0|0px|false|false&#8221; global_colors_info=&#8221;{}&#8221;][et_pb_column type=&#8221;1_3&#8243; _builder_version=&#8221;4.16&#8243; custom_padding=&#8221;|||&#8221; global_colors_info=&#8221;{}&#8221; custom_padding__hover=&#8221;|||&#8221;][et_pb_image src=&#8221;https:\/\/jugendfarm-bremen.de\/wp-content\/uploads\/2022\/06\/stark-418.png&#8221; title_text=&#8221;stark-418&#8243; align=&#8221;center&#8221; align_tablet=&#8221;center&#8221; align_phone=&#8221;&#8221; align_last_edited=&#8221;on|desktop&#8221; _builder_version=&#8221;4.17.4&#8243; global_colors_info=&#8221;{}&#8221;][\/et_pb_image][\/et_pb_column][et_pb_column type=&#8221;2_3&#8243; _builder_version=&#8221;4.16&#8243; custom_padding=&#8221;|||&#8221; global_colors_info=&#8221;{}&#8221; custom_padding__hover=&#8221;|||&#8221;][et_pb_text admin_label=&#8221;TEXTBLOCK 2&#8243; _builder_version=&#8221;4.17.4&#8243; text_font_size=&#8221;16px&#8221; header_text_color=&#8221;#000000&#8243; global_colors_info=&#8221;{}&#8221;]<\/p>\n<p>&nbsp;<\/p>\n<p>Im Jahr 1990 mussten wir die Farm fast schlie\u00dfen.<br \/>Denn es fehlte zum Beispiel Geld f\u00fcr die Farm.<br \/>Aber viele Leute im Verein haben sich darum<br \/>gek\u00fcmmert, dass es die Farm weiter gibt.<br \/>Und es gab einen neuen Chef von der Farm.<\/p>\n<p>[\/et_pb_text][\/et_pb_column][\/et_pb_row][et_pb_row _builder_version=&#8221;4.17.4&#8243; _module_preset=&#8221;default&#8221; global_colors_info=&#8221;{}&#8221;][et_pb_column type=&#8221;4_4&#8243; _builder_version=&#8221;4.17.4&#8243; _module_preset=&#8221;default&#8221; global_colors_info=&#8221;{}&#8221;][et_pb_divider _builder_version=&#8221;4.17.4&#8243; _module_preset=&#8221;default&#8221; global_colors_info=&#8221;{}&#8221;][\/et_pb_divider][\/et_pb_column][\/et_pb_row][et_pb_row column_structure=&#8221;1_3,2_3&#8243; _builder_version=&#8221;4.16&#8243; custom_padding=&#8221;0|0px|0|0px|false|false&#8221; global_colors_info=&#8221;{}&#8221;][et_pb_column type=&#8221;1_3&#8243; _builder_version=&#8221;4.16&#8243; custom_padding=&#8221;|||&#8221; global_colors_info=&#8221;{}&#8221; custom_padding__hover=&#8221;|||&#8221;][et_pb_image src=&#8221;https:\/\/jugendfarm-bremen.de\/wp-content\/uploads\/2022\/06\/Attentus_SPK_Obervieland_MM_CF001889-scaled.jpg&#8221; title_text=&#8221;Attentus_SPK_Obervieland_MM_CF001889&#8243; align=&#8221;center&#8221; align_tablet=&#8221;center&#8221; align_phone=&#8221;&#8221; align_last_edited=&#8221;on|desktop&#8221; _builder_version=&#8221;4.17.4&#8243; global_colors_info=&#8221;{}&#8221;][\/et_pb_image][\/et_pb_column][et_pb_column type=&#8221;2_3&#8243; _builder_version=&#8221;4.16&#8243; custom_padding=&#8221;|||&#8221; global_colors_info=&#8221;{}&#8221; custom_padding__hover=&#8221;|||&#8221;][et_pb_text admin_label=&#8221;TEXTBLOCK 2&#8243; _builder_version=&#8221;4.17.4&#8243; text_font_size=&#8221;16px&#8221; header_text_color=&#8221;#000000&#8243; global_colors_info=&#8221;{}&#8221;]<\/p>\n<p>&nbsp;<\/p>\n<p><strong>Das sind unsere Ziele<\/strong><\/p>\n<p>Auf der Farm k\u00f6nnen Kinder und Jugendliche<br \/>viel \u00fcber Tiere, Pflanzen und die Natur lernen.<br \/>Das ist besonders wichtig f\u00fcr Kinder aus einer Gro\u00dfstadt.<br \/>Denn dort haben Kinder oft nur wenig mit Tieren<br \/>und der Natur zu tun.<br \/>Auf der Farm k\u00f6nnen diese Kinder zum Beispiel lernen:<\/p>\n<ul>\n<li>Wie k\u00fcmmert man sich gut um Tiere?<\/li>\n<li>Wie kann man die Natur sch\u00fctzen?<\/li>\n<\/ul>\n<p>Daf\u00fcr machen wir viele Angebote.<br \/>Wir achten darauf, dass alle Kinder<br \/>\u00fcberall mitmachen und dabei sein k\u00f6nnen.<\/p>\n<p>[\/et_pb_text][\/et_pb_column][\/et_pb_row][et_pb_row _builder_version=&#8221;4.17.4&#8243; _module_preset=&#8221;default&#8221; global_colors_info=&#8221;{}&#8221;][et_pb_column type=&#8221;4_4&#8243; _builder_version=&#8221;4.17.4&#8243; _module_preset=&#8221;default&#8221; global_colors_info=&#8221;{}&#8221;][et_pb_divider _builder_version=&#8221;4.17.4&#8243; _module_preset=&#8221;default&#8221; global_colors_info=&#8221;{}&#8221;][\/et_pb_divider][\/et_pb_column][\/et_pb_row][et_pb_row column_structure=&#8221;1_3,2_3&#8243; _builder_version=&#8221;4.16&#8243; custom_padding=&#8221;0|0px|0|0px|false|false&#8221; global_colors_info=&#8221;{}&#8221;][et_pb_column type=&#8221;1_3&#8243; _builder_version=&#8221;4.16&#8243; custom_padding=&#8221;|||&#8221; global_colors_info=&#8221;{}&#8221; custom_padding__hover=&#8221;|||&#8221;][et_pb_image src=&#8221;https:\/\/jugendfarm-bremen.de\/wp-content\/uploads\/2022\/06\/P1130168-e1542573124397-scaled.jpg&#8221; title_text=&#8221;P1130168-e1542573124397&#8243; align=&#8221;center&#8221; align_tablet=&#8221;center&#8221; align_phone=&#8221;&#8221; align_last_edited=&#8221;on|desktop&#8221; _builder_version=&#8221;4.17.4&#8243; global_colors_info=&#8221;{}&#8221;][\/et_pb_image][et_pb_image src=&#8221;https:\/\/jugendfarm-bremen.de\/wp-content\/uploads\/2022\/06\/ball-spielen-056.png&#8221; title_text=&#8221;ball spielen-056&#8243; align=&#8221;center&#8221; align_tablet=&#8221;center&#8221; align_phone=&#8221;&#8221; align_last_edited=&#8221;on|desktop&#8221; _builder_version=&#8221;4.17.4&#8243; global_colors_info=&#8221;{}&#8221;][\/et_pb_image][\/et_pb_column][et_pb_column type=&#8221;2_3&#8243; _builder_version=&#8221;4.16&#8243; custom_padding=&#8221;|||&#8221; global_colors_info=&#8221;{}&#8221; custom_padding__hover=&#8221;|||&#8221;][et_pb_text admin_label=&#8221;TEXTBLOCK 2&#8243; _builder_version=&#8221;4.17.4&#8243; text_font_size=&#8221;16px&#8221; header_text_color=&#8221;#000000&#8243; global_colors_info=&#8221;{}&#8221;]<\/p>\n<p>&nbsp;<\/p>\n<p>Kinder und Jugendliche lernen auf der Farm<br \/>zum Beispiel:<\/p>\n<ul>\n<li>Wie funktioniert das Leben auf der Farm?<\/li>\n<li>Wie kann man die Natur gut sch\u00fctzen?<\/li>\n<li>Was ist bei der Arbeit auf der Farm wichtig?<\/li>\n<\/ul>\n<p>Die Kinder k\u00f6nnen selber auf der Farm mithelfen.<br \/>So lernen die Kinder, welche Aufgaben auf der Farm<br \/>besonders wichtig sind.<br \/>Zum Beispiel, dass man die Tiere jeden Tag f\u00fcttern muss.<\/p>\n<p>&nbsp;<\/p>\n<p>&nbsp;<\/p>\n<p>&nbsp;<\/p>\n<p>&nbsp;<\/p>\n<p>&nbsp;<\/p>\n<p>&nbsp;<\/p>\n<p>Und die Kinder k\u00f6nnen zusammen spielen und Sport machen.<br \/>So lernen die Kinder sich und andere gut kennen.<br \/>Auf der Farm machen die Kinder in ihrer Freizeit<br \/>etwas Besonderes.<\/p>\n<p>[\/et_pb_text][\/et_pb_column][\/et_pb_row][et_pb_row _builder_version=&#8221;4.17.4&#8243; _module_preset=&#8221;default&#8221; global_colors_info=&#8221;{}&#8221;][et_pb_column type=&#8221;4_4&#8243; _builder_version=&#8221;4.17.4&#8243; _module_preset=&#8221;default&#8221; global_colors_info=&#8221;{}&#8221;][\/et_pb_column][\/et_pb_row][\/et_pb_section]<\/p>\n","protected":false},"excerpt":{"rendered":"<p>Unsere GeschichteDie Kinder- und Jugendfarm Bremen e.V.gibt es seit dem 19. September 1984.Die Hochschule f\u00fcr Sozialwesen in Bremenhat die Farm gegr\u00fcndet.Seitdem sind wir Mitglied im Deutschen RotenKreuz und im Kreisverband [&hellip;]<\/p>\n","protected":false},"author":4,"featured_media":0,"parent":0,"menu_order":0,"comment_status":"closed","ping_status":"closed","template":"","meta":{"_et_pb_use_builder":"on","_et_pb_old_content":"<p>[et_pb_section fb_built=\"1\" _builder_version=\"4.16\" background_image=\"http:\/\/jugendfarm-bremen.de\/wp-content\/uploads\/2019\/02\/P1040506.jpg\" custom_padding=\"80px|0px|80px|0px|true|false\" global_colors_info=\"{}\"][et_pb_row _builder_version=\"4.16\" custom_padding=\"30px|0px|28px|0px|false|false\" global_colors_info=\"{}\"][et_pb_column type=\"4_4\" _builder_version=\"4.16\" custom_padding=\"|||\" global_colors_info=\"{}\" custom_padding__hover=\"|||\"][et_pb_text _builder_version=\"4.16\" header_font=\"|800||on|||||\" header_text_color=\"#ffffff\" header_font_size=\"65px\" header_text_shadow_style=\"preset3\" global_colors_info=\"{}\"]<\/p><h1><strong>Wir \u00fcber uns<\/strong><\/h1><p>[\/et_pb_text][\/et_pb_column][\/et_pb_row][\/et_pb_section][et_pb_section fb_built=\"1\" admin_label=\"Our Mission Section\" _builder_version=\"4.16\" background_color=\"#f7f7f7\" custom_padding=\"100px||100px|\" global_colors_info=\"{}\"][et_pb_row column_structure=\"1_3,2_3\" admin_label=\"Our Mission Area\" _builder_version=\"4.16\" custom_padding=\"27px|0px|35px|0px|false|false\" global_colors_info=\"{}\"][et_pb_column type=\"1_3\" _builder_version=\"4.16\" custom_padding=\"|||\" global_colors_info=\"{}\" custom_padding__hover=\"|||\"][et_pb_text admin_label=\"Title\" _builder_version=\"4.16\" text_font=\"||||||||\" header_font=\"Lato|700||||on|||\" header_2_font=\"Lato||||||||\" header_2_font_size=\"36px\" header_2_line_height=\"1.5em\" module_alignment=\"center\" custom_margin=\"||15px|\" custom_padding=\"|||\" animation_direction=\"left\" global_colors_info=\"{}\"]<\/p><h1><strong>Die Entstehung<\/strong><\/h1><p>[\/et_pb_text][\/et_pb_column][et_pb_column type=\"2_3\" _builder_version=\"4.16\" custom_padding=\"|||\" global_colors_info=\"{}\" custom_padding__hover=\"|||\"][et_pb_text _builder_version=\"4.16\" text_font=\"||||||||\" text_font_size=\"16px\" text_line_height=\"1.8em\" animation_direction=\"left\" global_colors_info=\"{}\"]<\/p><p>Die Kinder- und Jugendfarm Bremen e.V. entstand aufgrund einer Initiative der Hochschule f\u00fcr Sozialwesen in Bremen und wurde am 19.09.1984 in das Vereinsregister eingetragen. Der Verein ist seit dieser Zeit korporatives Mitglied im Deutschen Roten Kreuz, Kreisverband Bremen und Mitglied beim Bund der Jugendfarmen und Aktivspielpl\u00e4tze.<\/p><p>1990 stand die Einrichtung aus finanziellen und p\u00e4dagogischen Gr\u00fcnden vor der Schlie\u00dfung. Nur durch viel Engagement des Vereins und eine neue Farmleitung konnte der Verein gerettet werden.<span style=\"font-size: 16px;\">\u00a0<\/span><\/p><p>[\/et_pb_text][\/et_pb_column][\/et_pb_row][et_pb_row column_structure=\"2_3,1_3\" admin_label=\"Our Mission Area\" _builder_version=\"4.16\" custom_padding=\"35px|0px|27px|0px|false|false\" global_colors_info=\"{}\"][et_pb_column type=\"2_3\" _builder_version=\"4.16\" custom_padding=\"|||\" global_colors_info=\"{}\" custom_padding__hover=\"|||\"][et_pb_text _builder_version=\"4.16\" text_font=\"||||||||\" text_font_size=\"16px\" text_line_height=\"1.8em\" animation_direction=\"left\" global_colors_info=\"{}\"]<\/p><p>Kinder- und Jugendfarmen sehen ihre Aufgabe darin, gerade Kindern und Jugendlichen aus st\u00e4dtischen Ballungsr\u00e4umen ausreichende Frei- und Erlebnisr\u00e4ume zu bieten.\u00a0Die unter sozialp\u00e4dagogischen Gesichtspunkten ablaufenden Angebote umfassen\u00a0\u00a0den Umgang mit Tieren, Pflanzen und Umwelt:<\/p><p>Kinder und Jugendliche k\u00f6nnen auf der Farm:<\/p><blockquote><p>- ihre Freizeit sinnvoll verbringen<\/p><p>- mit dem Farmleben vertraut\u00a0werden<\/p><p>- in\u00a0\u00a0Eigenverantwortung mitarbeiten und mitwirtschaften<\/p><p>- ein Bewusstsein f\u00fcr notwendige T\u00e4tigkeiten erlangen<\/p><p>- bewusstes Umweltverhalten lernen<\/p><p>- bei Sport und Spiel sich und andere kennen lernen<\/p><p>- Kreativit\u00e4t und Fantasie entwickeln<\/p><\/blockquote><p>[\/et_pb_text][\/et_pb_column][et_pb_column type=\"1_3\" _builder_version=\"4.16\" custom_padding=\"|||\" global_colors_info=\"{}\" custom_padding__hover=\"|||\"][et_pb_text admin_label=\"Title\" _builder_version=\"4.16\" text_font=\"||||||||\" header_font=\"Lato|700||||on|||\" header_2_font=\"Lato||||||||\" header_2_font_size=\"36px\" header_2_line_height=\"1.5em\" module_alignment=\"center\" custom_margin=\"||15px|\" custom_padding=\"|||\" animation_direction=\"left\" global_colors_info=\"{}\"]<\/p><h1><strong>P\u00e4dagogische Zielsetzung<\/strong><\/h1><p>[\/et_pb_text][\/et_pb_column][\/et_pb_row][\/et_pb_section][et_pb_section fb_built=\"1\" admin_label=\"Video Section\" _builder_version=\"4.16\" use_background_color_gradient=\"on\" background_color_gradient_direction=\"90deg\" background_color_gradient_stops=\"#ffffff 50%|rgba(255,255,255,0.85) 50%\" background_color_gradient_overlays_image=\"on\" background_color_gradient_start=\"#ffffff\" background_color_gradient_start_position=\"50%\" background_color_gradient_end=\"rgba(255,255,255,0.85)\" background_color_gradient_end_position=\"50%\" background_image=\"http:\/\/jugendfarm-bremen.de\/wp-content\/uploads\/2018\/07\/produce-04.jpg\" custom_padding=\"40px||40px||false|false\" global_colors_info=\"{}\"][et_pb_row _builder_version=\"4.16\" custom_padding=\"27px|0px|0|0px|false|false\" global_colors_info=\"{}\"][et_pb_column type=\"4_4\" _builder_version=\"4.16\" custom_padding=\"|||\" global_colors_info=\"{}\" custom_padding__hover=\"|||\"][et_pb_text _builder_version=\"4.16\" header_font=\"||||||||\" header_text_align=\"center\" max_width=\"80%\" module_alignment=\"center\" global_colors_info=\"{}\"][\/et_pb_text][\/et_pb_column][\/et_pb_row][et_pb_row _builder_version=\"4.16\" custom_padding=\"24px|0px|27px|0px|false|false\" global_colors_info=\"{}\"][et_pb_column type=\"4_4\" _builder_version=\"4.16\" custom_padding=\"|||\" global_colors_info=\"{}\" custom_padding__hover=\"|||\"][et_pb_image align_tablet=\"center\" align_phone=\"center\" align_last_edited=\"on|desktop\" _builder_version=\"4.16\" max_width=\"80%\" module_alignment=\"center\" global_colors_info=\"{}\"]<br \/>[\/et_pb_image][\/et_pb_column][\/et_pb_row][\/et_pb_section]<\/p>","_et_gb_content_width":"","footnotes":"","beyondwords_generate_audio":"","beyondwords_integration_method":"","beyondwords_project_id":"15879","beyondwords_content_id":"","beyondwords_preview_token":"","beyondwords_player_content":"","beyondwords_player_style":"","beyondwords_language_code":"","beyondwords_language_id":"","beyondwords_title_voice_id":"","beyondwords_body_voice_id":"","beyondwords_summary_voice_id":"","beyondwords_error_message":"","beyondwords_disabled":"","beyondwords_delete_content":"","beyondwords_podcast_id":"4493287","beyondwords_hash":"","publish_post_to_speechkit":"1","speechkit_hash":"7bdd3574abbbd55cbba9d63ba8fd012e46e00269","speechkit_generate_audio":"1","speechkit_project_id":"15879","speechkit_podcast_id":"4493287","speechkit_error_message":"","speechkit_disabled":"","speechkit_access_key":"","speechkit_error":"","speechkit_info":"","speechkit_response":"","speechkit_retries":"","speechkit_status":"Updated","speechkit_updated_at":"","_speechkit_link":"","_speechkit_text":""},"class_list":["post-4419","page","type-page","status-publish","hentry"],"_links":{"self":[{"href":"https:\/\/jugendfarm-bremen.de\/del\/wp-json\/wp\/v2\/pages\/4419","targetHints":{"allow":["GET"]}}],"collection":[{"href":"https:\/\/jugendfarm-bremen.de\/del\/wp-json\/wp\/v2\/pages"}],"about":[{"href":"https:\/\/jugendfarm-bremen.de\/del\/wp-json\/wp\/v2\/types\/page"}],"author":[{"embeddable":true,"href":"https:\/\/jugendfarm-bremen.de\/del\/wp-json\/wp\/v2\/users\/4"}],"replies":[{"embeddable":true,"href":"https:\/\/jugendfarm-bremen.de\/del\/wp-json\/wp\/v2\/comments?post=4419"}],"version-history":[{"count":14,"href":"https:\/\/jugendfarm-bremen.de\/del\/wp-json\/wp\/v2\/pages\/4419\/revisions"}],"predecessor-version":[{"id":4785,"href":"https:\/\/jugendfarm-bremen.de\/del\/wp-json\/wp\/v2\/pages\/4419\/revisions\/4785"}],"wp:attachment":[{"href":"https:\/\/jugendfarm-bremen.de\/del\/wp-json\/wp\/v2\/media?parent=4419"}],"curies":[{"name":"wp","href":"https:\/\/api.w.org\/{rel}","templated":true}]}}